{"id":2687,"date":"2017-02-17T12:41:37","date_gmt":"2017-02-17T12:41:37","guid":{"rendered":"http:\/\/amicalweb.propla.net\/?page_id=2687"},"modified":"2026-01-14T11:52:53","modified_gmt":"2026-01-14T11:52:53","slug":"junta-i-estatuts","status":"publish","type":"page","link":"https:\/\/amical-mauthausen.org\/ca\/junta-i-estatuts\/","title":{"rendered":"Junta i Estatuts"},"content":{"rendered":"<h3>JUNTA AMICAL DE MAUTHAUSEN<\/h3>\n<p>Assemblea 22\/11\/2025<\/p>\n<ul>\n<li><strong>Presid\u00e8ncia d&#8217;Honor:\u00a0<\/strong> Llibert Villar Piqu\u00e9<\/li>\n<li><strong>Presid\u00e8ncia:<\/strong> Juan M. Calvo Gasc\u00f3n<\/li>\n<li><strong>Vicepresid\u00e8ncia i delegada en el Comit\u00e8 Internacional de Mauthausen:<\/strong> Concha D\u00edaz Berzosa<\/li>\n<li><strong>Secretaria:<\/strong> Isidoro Teruel Manch\u00f3n<\/li>\n<li><strong>Tresoreria:<\/strong> Alexandre Rigol Cuadra<\/li>\n<li><strong>Secretaria d\u2019arxius i publicacions:<\/strong> Josepa Gardenyes Pedrol<\/li>\n<li><strong>Vocalia:<\/strong> Fernando Cardoso Abad<\/li>\n<li><strong>Vocalia:<\/strong> Luis Calvillo Gonz\u00e1lez<\/li>\n<li><strong>Vocalia:<\/strong> \u00c0ngels Rabad\u00e0 N\u00fa\u00f1ez<\/li>\n<li><strong>Vocalia:<\/strong> Alejandro Zurita Centelles<\/li>\n<\/ul>\n<h3>Delegacions:<\/h3>\n<ul>\n<li><strong>Andalusia:<\/strong> Miguel \u00c1ngel Ballesteros Moscosio, Daniel Luis Mir Arenas i \u00c1ngel del R\u00edo S\u00e1nchez<\/li>\n<li><strong>Arag\u00f3: <\/strong>Elena Blasco Sancho,\u00a0 Carlos Esp\u00e9s Lacima i Cruz Ullod Borruel<\/li>\n<li><strong>Castella-La Manxa:<\/strong> Juli\u00e1n Gonz\u00e1lez Fraile<\/li>\n<li><strong>Comunitat de Madrid:<\/strong>\u00a0Concha D\u00edaz Berzosa<\/li>\n<li><strong>Comunitat Valenciana:<\/strong> Adri\u00e1n Blas M\u00ednguez Anaya<\/li>\n<li><strong>Euskadi, Navarra i La Rioja:<\/strong>\u00a0Juan Francisco Murillo D\u00edaz<\/li>\n<li><strong>Extremadura:<\/strong> Jos\u00e9 Hinojosa Dur\u00e1n i Antonio Jos\u00e9 Arjona Casillas<\/li>\n<li><strong>Lleida i delegat en el Comit\u00e8 Internacional de Mauthausen:<\/strong> Josep San Mart\u00edn Boncompte<\/li>\n<li><strong>Pened\u00e8s (Tarragona):<\/strong> Pere Marc\u00e9 Recasens<\/li>\n<li><strong>Regi\u00f3 de M\u00farcia:<\/strong> Gin\u00e9s Desiderio Navarro Aragoneses<\/li>\n<li><strong>Terra Alta (Tarragona):<\/strong> Francesc Sabat\u00e9 Puchol<\/li>\n<\/ul>\n","protected":false},"excerpt":{"rendered":"<p>JUNTA AMICAL DE MAUTHAUSEN Assemblea 22\/11\/2025 Presid\u00e8ncia d&#8217;Honor:\u00a0 Llibert Villar Piqu\u00e9 Presid\u00e8ncia: Juan M. Calvo Gasc\u00f3n Vicepresid\u00e8ncia i delegada en el Comit\u00e8 Internacional de Mauthausen: Concha D\u00edaz Berzosa Secretaria: Isidoro Teruel Manch\u00f3n Tresoreria: Alexandre Rigol Cuadra Secretaria d\u2019arxius i publicacions: Josepa Gardenyes Pedrol Vocalia: Fernando Cardoso Abad Vocalia: Luis Calvillo Gonz\u00e1lez Vocalia: \u00c0ngels Rabad\u00e0 N\u00fa\u00f1ez Vocalia: Alejandro Zurita Centelles Delegacions: Andalusia: Miguel \u00c1ngel Ballesteros Moscosio, Daniel Luis Mir Arenas i \u00c1ngel del R\u00edo S\u00e1nchez Arag\u00f3: Elena Blasco Sancho,\u00a0 Carlos Esp\u00e9s Lacima i Cruz Ullod Borruel Castella-La Manxa: Juli\u00e1n Gonz\u00e1lez Fraile Comunitat de Madrid:\u00a0Concha D\u00edaz Berzosa Comunitat Valenciana: Adri\u00e1n Blas M\u00ednguez Anaya Euskadi, Navarra i La Rioja:\u00a0Juan Francisco Murillo D\u00edaz Extremadura: &hellip; <a href=\"https:\/\/amical-mauthausen.org\/ca\/junta-i-estatuts\/\" class=\"more-link\">Continua la lectura de <span class=\"screen-reader-text\">Junta i Estatuts<\/span> <span class=\"meta-nav\">&rarr;<\/span><\/a><\/p>\n","protected":false},"author":1,"featured_media":0,"parent":0,"menu_order":0,"comment_status":"closed","ping_status":"closed","template":"page.php","meta":{"_acf_changed":false,"footnotes":""},"class_list":["post-2687","page","type-page","status-publish","hentry"],"acf":[],"_links":{"self":[{"href":"https:\/\/amical-mauthausen.org\/ca\/wp-json\/wp\/v2\/pages\/2687","targetHints":{"allow":["GET"]}}],"collection":[{"href":"https:\/\/amical-mauthausen.org\/ca\/wp-json\/wp\/v2\/pages"}],"about":[{"href":"https:\/\/amical-mauthausen.org\/ca\/wp-json\/wp\/v2\/types\/page"}],"author":[{"embeddable":true,"href":"https:\/\/amical-mauthausen.org\/ca\/wp-json\/wp\/v2\/users\/1"}],"replies":[{"embeddable":true,"href":"https:\/\/amical-mauthausen.org\/ca\/wp-json\/wp\/v2\/comments?post=2687"}],"version-history":[{"count":60,"href":"https:\/\/amical-mauthausen.org\/ca\/wp-json\/wp\/v2\/pages\/2687\/revisions"}],"predecessor-version":[{"id":11841,"href":"https:\/\/amical-mauthausen.org\/ca\/wp-json\/wp\/v2\/pages\/2687\/revisions\/11841"}],"wp:attachment":[{"href":"https:\/\/amical-mauthausen.org\/ca\/wp-json\/wp\/v2\/media?parent=2687"}],"curies":[{"name":"wp","href":"https:\/\/api.w.org\/{rel}","templated":true}]}}